{"id":2058,"date":"2017-11-22T14:17:42","date_gmt":"2017-11-22T14:17:42","guid":{"rendered":"https:\/\/www.cafeberwald.se\/?page_id=2058"},"modified":"2019-10-29T14:12:36","modified_gmt":"2019-10-29T14:12:36","slug":"kuriosa","status":"publish","type":"page","link":"https:\/\/www.cafeberwald.se\/?page_id=2058","title":{"rendered":"Kuriosa"},"content":{"rendered":"<p><strong>Lollos \u00e4ppelkaka<\/strong><\/p>\n<p><a href=\"https:\/\/www.cafeberwald.se\/wp-content\/uploads\/2017\/11\/Lollo.gif\" rel=\"attachment wp-att-2059\"><img loading=\"lazy\" decoding=\"async\" class=\"alignright size-full wp-image-2059\" src=\"https:\/\/www.cafeberwald.se\/wp-content\/uploads\/2017\/11\/Lollo.gif\" alt=\"Lollo\" width=\"250\" height=\"250\" \/><\/a>Du har v\u00e4l smakat Lollos \u00e4ppelkaka p\u00e5 Caf\u00e9 Berwald? Min mormor Elisabeth Karolina Granander, som skulle varit 110 \u00e5r i \u00e5r, fick en gedigen s\u00e5ngutbildning p\u00e5 Operaskolan (Musikh\u00f6gskolan) och i Berlin dit hon \u00e5kte p\u00e5 stipendier fr\u00e5n Christine Nilssons Fonden. Hon tillh\u00f6rde i m\u00e5nga \u00e5r Radiok\u00f6ren och en liten fin motettk\u00f6r som hette Voces Intimae som leddes av Johannes Norrby. \u201dLollo\u201d som vi kallade v\u00e5r mormor var duktig p\u00e5 att baka. L\u00e5t dig v\u00e4l smaka av hennes underbart goda \u00e4ppelkaka.<\/p>\n<p>Calle Elwing<br \/>\n\u00c4gare Elwing &amp; Co. Catering\/Bar &amp; Caf\u00e9 Berwald<\/p>\n<p><em>Bar &amp; Caf\u00e9 Berwald drivs f\u00f6r Sveriges Radio av Elwing &amp; Co.\u00a0Catering AB som\u00a0\u00e4r ett familjef\u00f6retag\u00a0grundat 1991. Vi har ett v\u00e4l etablerat varum\u00e4rke och jobbar med mat, r\u00e5varor och service av h\u00f6g kvalitet. L\u00e4s mer om oss <a href=\"http:\/\/elwingcatering.se\/\" target=\"_blank\" rel=\"noopener noreferrer\">h\u00e4r<\/a>.<\/em><\/p>\n","protected":false},"excerpt":{"rendered":"<p>Lollos \u00e4ppelkaka Du har v\u00e4l smakat Lollos \u00e4ppelkaka p\u00e5 Caf\u00e9 Berwald? Min mormor Elisabeth Karolina Granander, som skulle varit 110 \u00e5r i \u00e5r, fick en gedigen s\u00e5ngutbildning p\u00e5 Operaskolan (Musikh\u00f6gskolan) och i Berlin dit hon \u00e5kte p\u00e5 stipendier fr\u00e5n Christine Nilssons Fonden. Hon tillh\u00f6rde i m\u00e5nga \u00e5r Radiok\u00f6ren och en liten fin motettk\u00f6r som hette [&hellip;]<\/p>\n","protected":false},"author":1,"featured_media":0,"parent":0,"menu_order":0,"comment_status":"closed","ping_status":"closed","template":"","meta":{"footnotes":""},"class_list":["post-2058","page","type-page","status-publish","hentry"],"_links":{"self":[{"href":"https:\/\/www.cafeberwald.se\/index.php?rest_route=\/wp\/v2\/pages\/2058","targetHints":{"allow":["GET"]}}],"collection":[{"href":"https:\/\/www.cafeberwald.se\/index.php?rest_route=\/wp\/v2\/pages"}],"about":[{"href":"https:\/\/www.cafeberwald.se\/index.php?rest_route=\/wp\/v2\/types\/page"}],"author":[{"embeddable":true,"href":"https:\/\/www.cafeberwald.se\/index.php?rest_route=\/wp\/v2\/users\/1"}],"replies":[{"embeddable":true,"href":"https:\/\/www.cafeberwald.se\/index.php?rest_route=%2Fwp%2Fv2%2Fcomments&post=2058"}],"version-history":[{"count":5,"href":"https:\/\/www.cafeberwald.se\/index.php?rest_route=\/wp\/v2\/pages\/2058\/revisions"}],"predecessor-version":[{"id":2716,"href":"https:\/\/www.cafeberwald.se\/index.php?rest_route=\/wp\/v2\/pages\/2058\/revisions\/2716"}],"wp:attachment":[{"href":"https:\/\/www.cafeberwald.se\/index.php?rest_route=%2Fwp%2Fv2%2Fmedia&parent=2058"}],"curies":[{"name":"wp","href":"https:\/\/api.w.org\/{rel}","templated":true}]}}